{"id":49481,"date":"2026-08-24T21:12:54","date_gmt":"2026-08-24T21:12:54","guid":{"rendered":"https:\/\/www.alcaldesdemexico.com\/revista\/?page_id=49481"},"modified":"2026-08-28T19:52:24","modified_gmt":"2026-08-28T19:52:24","slug":"indice-septiembre-2026","status":"publish","type":"page","link":"https:\/\/www.alcaldesdemexico.com\/revista\/indice-septiembre-2026\/","title":{"rendered":"\u00cdndice Septiembre 2026"},"content":{"rendered":"<p>[et_pb_section fb_built=\"1\" _builder_version=\"4.16\" width_tablet=\"100%\" width_phone=\"\" width_last_edited=\"on|tablet\" custom_margin=\"||52px|||\" custom_padding=\"|||0px||\" global_colors_info=\"{}\"][et_pb_row use_custom_gutter=\"on\" make_equal=\"on\" _builder_version=\"4.16\" background_color=\"#e02b20\" width=\"100%\" background_last_edited=\"on|desktop\" saved_tabs=\"all\" global_colors_info=\"{}\"][et_pb_column type=\"4_4\" _builder_version=\"4.16\" background_color=\"#e02b20\" global_colors_info=\"{}\"][et_pb_text content_last_edited=\"off|desktop\" _builder_version=\"4.16\" header_font_size=\"32px\" header_2_font_size=\"24px\" global_colors_info=\"{}\"]<\/p>\n<h2 style=\"text-align: center;\"><span><span style=\"color: #ffffff;\">Contenido<\/span><\/span><\/h2>\n<p>[\/et_pb_text][\/et_pb_column][\/et_pb_row][et_pb_row _builder_version=\"4.27.4\" background_color=\"rgba(0,0,0,0)\" transform_scale_tablet=\"\" transform_scale_phone=\"\" transform_scale_last_edited=\"on|tablet\" transform_translate_tablet=\"0px|-67px\" transform_translate_phone=\"\" transform_translate_last_edited=\"on|phone\" transform_translate_linked=\"off\" transform_rotate_tablet=\"\" transform_rotate_phone=\"\" transform_rotate_last_edited=\"on|tablet\" transform_skew_tablet=\"\" transform_skew_phone=\"\" transform_skew_last_edited=\"on|tablet\" transform_origin_tablet=\"\" transform_origin_phone=\"\" transform_origin_last_edited=\"on|tablet\" transform_styles_last_edited=\"on|phone\" custom_margin=\"0px||0px||false|false\" custom_margin_tablet=\"-147px||||false|false\" custom_margin_phone=\"0px||||false|false\" custom_margin_last_edited=\"off|tablet\" custom_padding=\"85px||0px||false|false\" transform_styles_tablet=\"\" transform_styles_phone=\"\" locked=\"off\" global_colors_info=\"{}\"][et_pb_column type=\"4_4\" _builder_version=\"4.16\" global_colors_info=\"{}\"][et_pb_post_slider include_categories=\"1604\" orderby=\"date_asc\" use_manual_excerpt=\"off\" excerpt_length=\"0\" show_meta=\"off\" bg_overlay_color=\"rgba(0,0,0,0.55)\" _builder_version=\"4.27.4\" background_enable_color=\"off\" custom_button=\"on\" max_width=\"100%\" content_max_width=\"93%\" height=\"29%\" height_tablet=\"\" height_phone=\"170px\" height_last_edited=\"on|phone\" custom_margin=\"0px|0px|0px|0px|false|false\" custom_padding=\"0px|0px|0px|0px|false|false\" auto=\"on\" auto_speed=\"6000\" button_text_size_tablet=\"\" button_text_size_phone=\"14px\" button_text_size_last_edited=\"on|phone\" global_colors_info=\"{}\"][\/et_pb_post_slider][\/et_pb_column][\/et_pb_row][et_pb_row column_structure=\"1_3,1_3,1_3\" _builder_version=\"4.16\" module_alignment=\"center\" custom_margin=\"|auto||269px||\" global_colors_info=\"{}\"][et_pb_column type=\"1_3\" _builder_version=\"4.16\" background_color=\"#fbffef\" global_colors_info=\"{}\"][et_pb_text content_tablet=\"<\/p>\n<p style=%22text-align: right;%22><span style=%22font-size: 10px; text-align: left;%22>N\u00daMERO 185, SEPTIEMBRE 2025<\/span><\/p>\n<p style=%22text-align: center;%22><img src=%22https:\/\/www.alcaldesdemexico.com\/revista\/wp-content\/uploads\/2020\/04\/unnamed-1-300x67.png%22 alt=%22%22 class=%22wp-image-106 alignnone size-medium%22 width=%22300%22 height=%2267%22 \/><\/p>\n<p style=%22text-align: center;%22>Presidenta Ejecutiva<br \/>\n<strong>Gladis L\u00f3pez Blanco<\/strong><br \/>\nglopez@alcaldesdemexico.com<\/p>\n<p style=%22text-align: center;%22>Directora General<br \/>\n<strong>Norma P\u00e9rez Vences<\/strong><br \/>\nnperez@alcaldesdemexico.com<\/p>\n<p style=%22text-align: center;%22>Editor en Jefe<br \/>\n<strong>Isa\u00edas Ocampo Gaona<\/strong><\/p>\n<p style=%22text-align: center;%22>Coeditor<br \/>\n<strong>Luis Alberto Hern\u00e1ndez Valencia<\/strong><\/p>\n<p style=%22text-align: center;%22>Coordinadora de Arte<br \/>\n<strong>Er\u00e9ndira C. Castillo Ceballos<\/strong><\/p>\n<p style=%22text-align: center;%22>Coordinadora de Fotograf\u00eda<br \/>\n<strong>Rosal\u00eda Morales Flores<\/strong><\/p>\n<p style=%22text-align: center;%22>Editor Web<br \/>\n<strong>Lucero Almanza Escalante<\/strong><\/p>\n<p style=%22text-align: center;%22>Webmaster<br \/>\n<strong>Armando Arellano Garc\u00eda<\/strong><\/p>\n<p style=%22text-align: center;%22>Colaboradores<br \/>\n<strong>Alejandro Dur\u00e1n, Alicia Valverde Reyes, Ana Paula Hern\u00e1ndez Alday, David Ram\u00edrez Vera, Esther Arzate, Isabel Mart\u00ednez Olaya, Juan Danell S\u00e1nchez, Mario L\u00f3pez, Martha Mej\u00eda<\/strong><\/p>\n<p style=%22text-align: center;%22>Consejo Editorial<\/p>\n<p style=%22text-align: center;%22><strong>Gabriela Alarc\u00f3n, Luc\u00eda \u00c1lvarez, Eduardo Boh\u00f3rquez,<br \/>\nJulieta del R\u00edo Venegas,<br \/>\nV\u00edctor Alejandro Espinoza Valle,<br \/>\nOtto Granados, Amalia Garc\u00eda,<br \/>\nMar\u00eda Elena Morera, Patricia Mercado,<br \/>\nAntonio Ocaranza Fern\u00e1ndez, Teresita Rend\u00f3n,<br \/>\nMar\u00eda Cristina Rosas, Joel Salas Su\u00e1rez,<br \/>\nArturo S\u00e1nchez Guti\u00e9rrez, Leticia Sant\u00edn,<br \/>\nMartha Tagle, Alicia Ziccardi<\/strong><\/p>\n<p style=%22text-align: center;%22>Coordinadora Comercial y Estrategia<br \/>\n<strong>Karla \u00c1guila Juvera<\/strong><br \/>\nkaguila@alcaldesdemexico.com<\/p>\n<p style=%22text-align: center;%22>Ventas Publicidad<br \/>\nventasypublicidad@alcaldesdemexico.com<\/p>\n<p style=%22text-align: center;%22>Suscripciones<br \/>\nsuscripciones@alcaldesdemexico.com<\/p>\n<p style=%22text-align: center;%22>Director de Administraci\u00f3n<br \/>\n<strong>Enrique Lorenzana Zarco<\/strong><br \/>\nelorenzana@alcaldesdemexico.com<\/p>\n<p style=%22text-align: center;%22><span style=%22font-size: 10px; text-align: justify;%22><span style=%22font-weight: 400;%22>Alcaldes de M\u00e9xico\u00ae, a\u00f1o 16, n\u00famero 185, Septiembre 2025, es una publicaci\u00f3n mensual editada y distribuida por Cazonci Editores S.A. de C.V. Oficinas: Moliere 330-401, colonia Polanco Reforma, alcald\u00eda Miguel Hidalgo, Ciudad de M\u00e9xico, CP 11550, tel\u00e9fono 55 55 45 81 04. Correo electr\u00f3nico: contacto@alcaldesdemexico.com. Todos los derechos de reproducci\u00f3n de los textos aqu\u00ed publicados est\u00e1n reservados por Alcaldes de M\u00e9xico. Reserva de derechos al uso exclusivo del t\u00edtulo 04-2022-102013320200-102 otorgado por el Instituto Nacional del Derecho de Autor. N\u00famero de certificado de licitud de t\u00edtulo y de contenido: 17742. Actualizaci\u00f3n de registro en el Padr\u00f3n Nacional de Medios Impresos de la Secretar\u00eda de Gobernaci\u00f3n: 29 de agosto de 2025. Impresi\u00f3n: Smartpress Vision, S.A. de C.V., Caravaggio 30, Colonia Mixcoac, Benito Ju\u00e1rez, C.P. 03910, Ciudad de M\u00e9xico, Tels. 55 5611 7420 y 55 5611 7349. Este n\u00famero se termin\u00f3 de imprimir el d\u00eda 25 de agosto de 2025 con un tiraje de 9,000 ejemplares. Los art\u00edculos firmados son responsabilidad de sus autores y no reflejan necesariamente el punto de vista de Cazonci Editores S.A. de C.V. Editora responsable: Gladis L\u00f3pez Blanco. Se proh\u00edbe su reproducci\u00f3n total o parcial. Los publirreportajes son espacios pagados por el cliente.<br \/>\n <\/span><\/span><\/p>\n<p>\" content_phone=\"<\/p>\n<p style=%22text-align: right;%22><strong> <span class=%22fontstyle0%22>N\u00daMERO 185, SEPTIEMBRE 2025<\/span><\/strong><\/p>\n<p style=%22text-align: center;%22><img src=%22https:\/\/www.alcaldesdemexico.com\/revista\/wp-content\/uploads\/2020\/04\/unnamed-1-300x67.png%22 width=%22300%22 height=%2267%22 alt=%22%22 class=%22wp-image-106 alignnone size-medium%22 \/><\/p>\n<p style=%22text-align: justify;%22>\n\" content_last_edited=\"on|phone\" _builder_version=\"4.27.4\" text_font_size=\"10px\" custom_padding=\"12px|9px|8px|15px|false|false\" hover_enabled=\"0\" text_font_size_tablet=\"\" text_font_size_phone=\"\" text_font_size_last_edited=\"on|desktop\" global_colors_info=\"{}\" sticky_enabled=\"0\"]<\/p>\n<p style=\"text-align: right;\"><span style=\"font-size: 10px; text-align: left;\">N\u00daMERO 197, SEPTIEMBRE 2026<\/span><\/p>\n<p style=\"text-align: center;\"><img loading=\"lazy\" decoding=\"async\" src=\"https:\/\/www.alcaldesdemexico.com\/revista\/wp-content\/uploads\/2020\/04\/unnamed-1-300x67.png\" alt=\"\" class=\"wp-image-106 alignnone size-medium\" width=\"300\" height=\"67\" srcset=\"https:\/\/www.alcaldesdemexico.com\/revista\/wp-content\/uploads\/2020\/04\/unnamed-1-300x67.png 300w, https:\/\/www.alcaldesdemexico.com\/revista\/wp-content\/uploads\/2020\/04\/unnamed-1.png 355w\" sizes=\"(max-width: 300px) 100vw, 300px\" \/><\/p>\n<p>&nbsp;<\/p>\n<p style=\"text-align: center;\">Presidenta Ejecutiva<br \/><strong>Gladis L\u00f3pez Blanco<\/strong><br \/>glopez@alcaldesdemexico.com<\/p>\n<p style=\"text-align: center;\">Presidenta Ejecutiva<br \/><strong>Norma Perez Vences<\/strong><br \/>nperez@alcaldesdemexico.com<strong><\/strong><\/p>\n<p style=\"text-align: center;\">Directora Editorial<br \/><strong>Ana Paula Hern\u00e1ndez Alday<\/strong><br \/>ahernandez@alcaldesdemexico.com<\/p>\n<p style=\"text-align: center;\">\u00a0Editor en Jefe<br \/><strong>Isa\u00edas Ocampo Gaona<\/strong><\/p>\n<p style=\"text-align: center;\">\u00a0Coeditora<br \/><strong>Martha Palma Montes<\/strong><\/p>\n<p style=\"text-align: center;\">\u00a0Coordinadora de Arte<br \/><strong>Er\u00e9ndira C. Castillo Ceballos<\/strong><\/p>\n<p style=\"text-align: center;\">\u00a0Coordinadora de Fotograf\u00eda<br \/><strong>Rosal\u00eda Morales Flores<\/strong><\/p>\n<p style=\"text-align: center;\">\u00a0Editora Web<br \/><strong>Lucero Almanza Escalante<\/strong><\/p>\n<p style=\"text-align: center;\">\u00a0Webmaster<br \/><strong>Armando Arellano Garc\u00eda<\/strong><\/p>\n<p style=\"text-align: center;\">\u00a0Alejandro Dur\u00e1n, Alicia Valverde Reyes, Ana Paula Hern\u00e1ndez Alday, \u00c1ngel P\u00e9rez S\u00e1nchez, Astrid Lammoglia Cruz, David Galicia S\u00e1nchez, David Ram\u00edrez Vera, Enrique Antonio Mart\u00ednez Garc\u00eda, Erika Uribe, Esther Arzate, Isabel Mart\u00ednez Olaya, Jos\u00e9 Manuel Arteaga, Juan Danell S\u00e1nchez, Lilia Chac\u00f3n A., M\u00f3nica Samantha M\u00e9ndez H., Sacnict\u00e9 Montserrat Caballero V\u00e1zquez, Soffia Carolina Segura Caballero<\/p>\n<p>&nbsp;<\/p>\n<p style=\"text-align: center;\">Consejo Editorial<\/p>\n<p style=\"text-align: center;\"><strong>Adri\u00e1n Alcal\u00e1 M\u00e9ndez, Amalia Garc\u00eda,<br \/>Antonio Ocaranza Fern\u00e1ndez, Arturo S\u00e1nchez Guti\u00e9rrez, Eduardo Boh\u00f3rquez, Julieta del R\u00edo, Mar\u00eda Elena Morera, Martha Tagle, Patricia Mercado, Ra\u00fal Rodr\u00edguez, Romy Rojas Garrido, Salvador Guerrero Chipr\u00e9s<br \/><\/strong><\/p>\n<p style=\"text-align: center;\">\u00a0Coordinadora Comercial y Estrategia<br \/><strong>Karla \u00c1guila Juvera<\/strong><br \/>kaguila@alcaldesdemexico.com<\/p>\n<p style=\"text-align: center;\">Ventas Publicidad<br \/>ventasypublicidad@alcaldesdemexico.com<\/p>\n<p style=\"text-align: center;\">Gerente de Operaciones<br \/><strong>Luz Baena del Valle<\/strong><\/p>\n<p style=\"text-align: center;\">Dise\u00f1o de Portada<br \/><strong>Regina Landa<\/strong><\/p>\n<p style=\"text-align: center;\"><span style=\"font-size: 10px; text-align: justify;\"><span style=\"font-weight: 400;\">ALCALDES DE M\u00c9XICO, a\u00f1o 17, n\u00famero 197, septiembre de 2026. Revista mensual de Circulaci\u00f3n Controlada, editada, publicada y distribuida por Cazonci Editores, S.A. de C.V., Avenida R\u00edo San Joaqu\u00edn N\u00fam. 436, Interior 310, Colonia Ampliaci\u00f3n Granada, Alcald\u00eda Miguel Hidalgo, Ciudad de M\u00e9xico, C.P. 11529, tel\u00e9fono 55 55 45 81 04. Editora Responsable: Gladis L\u00f3pez Blanco. Reserva de Derechos al Uso Exclusivo: 04-2022-102013320200-102. Certificado de Licitud de T\u00edtulo y Contenido: 17742. Actualizaci\u00f3n del Registro en el Padr\u00f3n Nacional de Medios Impresos de la Secretar\u00eda de Gobernaci\u00f3n: 19 de junio de 2026. Impreso por Smartpress Vision, S.A. de C.V., Caravaggio 30, Colonia Mixcoac, Benito Ju\u00e1rez, Ciudad de M\u00e9xico, C.P. 03910, tel\u00e9fonos 55 5611 7420 y 55 5611 7349. Los art\u00edculos firmados son responsabilidad de sus autores y no reflejan necesariamente el punto de vista de Cazonci Editores S.A. de C.V. Se proh\u00edbe su reproducci\u00f3n total o parcial. Los publirreportajes son espacios pagados por el cliente.<\/span><\/span><\/p>\n<p>[\/et_pb_text][\/et_pb_column][et_pb_column type=\"1_3\" _builder_version=\"4.16\" global_colors_info=\"{}\"][et_pb_text _builder_version=\"4.27.4\" text_font=\"Arial||||||||\" text_font_size=\"18px\" module_alignment=\"left\" custom_padding=\"|||16px||\" custom_padding_tablet=\"\" custom_padding_phone=\"|||0px|false|false\" custom_padding_last_edited=\"on|phone\" hover_enabled=\"0\" text_font_size_tablet=\"\" text_font_size_phone=\"\" text_font_size_last_edited=\"on|desktop\" locked=\"off\" global_colors_info=\"{}\" sticky_enabled=\"0\"]<\/p>\n<p><span font-weight:=\"\" 400=\"\"><strong><a href=\"https:\/\/www.alcaldesdemexico.com\/revista\/antesala\/antesala-septiembre-2026\/\" style=\"color: #ff0007;\">Antesala<\/a><\/strong><\/span><br \/><a href=\"https:\/\/www.alcaldesdemexico.com\/revista\/alcaldes-de-mexico\/16-anos-contando-las-historias-que-transforman-a-mexico\/&quot;\" style=\"color: #000000;\">Un recorrido de 17 a\u00f1os que contin\u00faa<\/a><\/p>\n<p><span font-weight:=\"\" 400=\"\"><strong><a href=\"http:\/\/alcaldesdemexico.com\/revista\/alcaldes-de-mexico\/vicios-y-beneficios-septiembre-2026\/\" style=\"color: #92b6c7;\">Claroscuro Municipal<\/a><\/strong><\/span><\/p>\n<p><a href=\"https:\/\/www.alcaldesdemexico.com\/revista\/alcaldes-de-mexico\/minuta-local-septiembre-2026\/\" style=\"color: #9f5b43;\">Minuta local<\/a><\/p>\n<p><span font-weight:=\"\" 400=\"\"><strong><a href=\"https:\/\/www.alcaldesdemexico.com\/revista\/expediente-abierto\/gobierno-digital-de-proximidad-24-7\/\" style=\"color: #c1bf78;\">Expediente Abierto<\/a><\/strong><\/span><br \/><a href=\"https:\/\/www.alcaldesdemexico.com\/revista\/expediente-abierto\/gobierno-digital-de-proximidad-24-7\/\" style=\"color: #c1bf78;\">\u25baAtenci\u00f3n Ciudadana \u2022 Reportaje<\/a><br \/><a href=\"https:\/\/www.alcaldesdemexico.com\/revista\/expediente-abierto\/gobierno-digital-de-proximidad-24-7\/\" style=\"color: #000000;\">Gobierno digital de proximidad 24\/7<\/a><br \/><a style=\"color: #7a7a7a;\"><em>Por Lucero Almanza Escalante<\/em><\/a><\/p>\n<p><a href=\"https:\/\/www.alcaldesdemexico.com\/revista\/expediente-abierto\/respuestas-continuas-accesibles-y-trazables\/\" style=\"color: #000000;\">Respuestas continuas, accesibles y trazables<\/a><br \/><a style=\"color: #7a7a7a;\"><em>Por Edgar V\u00e1squez Cruz<\/em><\/a><\/p>\n<p><a href=\"https:\/\/www.alcaldesdemexico.com\/revista\/expediente-abierto\/hacia-una-educacion-publica-equitativa\/\" style=\"color: #c1bf78;\">\u25baEducaci\u00f3n P\u00fablica \u2022 Reportaje<\/a><br \/><a href=\"https:\/\/www.alcaldesdemexico.com\/revista\/expediente-abierto\/hacia-una-educacion-publica-equitativa\/\" style=\"color: #000000;\">Hacia una educaci\u00f3n p\u00fablica equitativa<\/a><br \/><a style=\"color: #7a7a7a;\"><em>Por Noem\u00ed Alejandra Andrade Casta\u00f1\u00f3n<\/em><\/a><\/p>\n<p><a href=\"https:\/\/www.alcaldesdemexico.com\/revista\/expediente-abierto\/el-desafio-de-la-gestion-local-frente-al-aula\/\" style=\"color: #000000;\">El desaf\u00edo de la gesti\u00f3n local frente al aula<\/a><br \/><a style=\"color: #7a7a7a;\"><em>Por UNETE i.A.P.<\/em><\/a><\/p>\n<p><a href=\"https:\/\/www.alcaldesdemexico.com\/revista\/expediente-abierto\/mas-obras-mejores-servicios-y-entornos-dignos-en-tijuana\/\" style=\"color: #c1bf78;\">\u25baDesarrollo Urbano<\/a><br \/><a href=\"https:\/\/www.alcaldesdemexico.com\/revista\/expediente-abierto\/mas-obras-mejores-servicios-y-entornos-dignos-en-tijuana\/\" style=\"color: #000000;\">M\u00e1s obras, mejores servicios y entornos dignos en Tijuana<\/a><br \/><a style=\"color: #7a7a7a;\"><em>Por Redacci\u00f3n Alcaldes de M\u00e9xico <\/em><\/a><\/p>\n<p><a href=\"https:\/\/www.alcaldesdemexico.com\/revista\/expediente-abierto\/el-debate-por-los-municipios-exclusivos-para-mujeres\/\" style=\"color: #c1bf78;\">\u25baParidad Electoral<\/a><br \/><a href=\"https:\/\/www.alcaldesdemexico.com\/revista\/expediente-abierto\/el-debate-por-los-municipios-exclusivos-para-mujeres\/\" style=\"color: #000000;\">El debate por los municipios exclusivos para mujeres<\/a><br \/><a style=\"color: #7a7a7a;\"><em>Por Isa\u00edas Ocampo Gaona <\/em><\/a><\/p>\n<p><a href=\"https:\/\/www.alcaldesdemexico.com\/revista\/expediente-abierto\/municipios-preferidos-por-viajeros\/\" style=\"color: #c1bf78;\">\u25baTurismo \u2022 Especial<\/a><br \/><a href=\"https:\/\/www.alcaldesdemexico.com\/revista\/expediente-abierto\/municipios-preferidos-por-viajeros\/\" style=\"color: #000000;\">Municipios preferidos por viajeros<\/a><br \/><a style=\"color: #7a7a7a;\"><em>Por Martha Palma Montes<\/em><\/a><\/p>\n<p><a href=\"https:\/\/www.alcaldesdemexico.com\/revista\/expediente-abierto\/huixquilucan-lider-en-materia-educativa\/\" style=\"color: #c1bf78;\">\u25baImpulso a Estudiantes<\/a><br \/><a href=\"https:\/\/www.alcaldesdemexico.com\/revista\/expediente-abierto\/huixquilucan-lider-en-materia-educativa\/\" style=\"color: #000000;\">Huixquilucan, l\u00edder en materia educativa<\/a><br \/><a style=\"color: #7a7a7a;\"><em>Por Redacci\u00f3n Alcaldes de M\u00e9xico <\/em><\/a><\/p>\n<p><strong><a style=\"color: #242021;\">17 ANIVERSARIO<\/a><\/strong><br \/><a style=\"color: #000000;\" href=\"https:\/\/www.alcaldesdemexico.com\/revista\/alcaldes-de-mexico\/notas-metodologicas-premios-alcaldes-2026\/\">Notas metodol\u00f3gicas: Premios Alcaldes 2026<\/a><\/p>\n<p><strong><a href=\"https:\/\/www.alcaldesdemexico.com\/revista\/alcaldes-de-mexico\/fomento-educativo\/\" style=\"color: #ed6944;\">CIUDADES QUE CUIDAN<\/a><\/strong><\/p>\n<p><a href=\"https:\/\/www.alcaldesdemexico.com\/revista\/alcaldes-de-mexico\/fomento-educativo\/\" style=\"color: #808285;\">Fomento Educativo<\/a><br \/><strong><a href=\"https:\/\/www.alcaldesdemexico.com\/revista\/alcaldes-de-mexico\/fomento-educativo\/\" style=\"color: #242021;\">Ju\u00e1rez, Chihuahua<\/a><\/strong><br \/><a href=\"https:\/\/www.alcaldesdemexico.com\/revista\/alcaldes-de-mexico\/fomento-educativo\/\" style=\"color: #000000;\">Acciones para la transformaci\u00f3n acad\u00e9mica<\/a><br \/><a style=\"color: #7a7a7a;\"><em>Por Alejandro Dur\u00e1n<\/em><\/a><\/p>\n<p><a href=\"https:\/\/www.alcaldesdemexico.com\/revista\/alcaldes-de-mexico\/cultura-comunitaria\/\" style=\"color: #808285;\">Cultura Comunitaria<\/a><br \/><strong><a href=\"https:\/\/www.alcaldesdemexico.com\/revista\/alcaldes-de-mexico\/cultura-comunitaria\/\" style=\"color: #242021;\">Celaya, Guanajuato<\/a><\/strong><br \/><a href=\"https:\/\/www.alcaldesdemexico.com\/revista\/alcaldes-de-mexico\/cultura-comunitaria\/\" style=\"color: #000000;\">Desarrollo humano a trav\u00e9s de las bellas artes<\/a><br \/><a style=\"color: #7a7a7a;\"><em>Por Astrid Lammoglia Cruz<\/em><\/a><\/p>\n<p><a href=\"https:\/\/www.alcaldesdemexico.com\/revista\/alcaldes-de-mexico\/salud-municipal\/\" style=\"color: #808285;\">Salud Municipal<\/a><br \/><strong><a href=\"https:\/\/www.alcaldesdemexico.com\/revista\/alcaldes-de-mexico\/salud-municipal\/\" style=\"color: #242021;\">Aguascalientes, Aguascalientes<\/a><\/strong><br \/><a href=\"https:\/\/www.alcaldesdemexico.com\/revista\/alcaldes-de-mexico\/salud-municipal\/\" style=\"color: #000000;\">Tratamiento hol\u00edstico para el bienestar emocional<\/a><br \/><a style=\"color: #7a7a7a;\"><em>Por Astrid Lammoglia Cruz<\/em><\/a><\/p>\n<p><a href=\"https:\/\/www.alcaldesdemexico.com\/revista\/alcaldes-de-mexico\/inclusion-laboral\/\" style=\"color: #808285;\">Bienestar Emocional<\/a><br \/><strong><a href=\"https:\/\/www.alcaldesdemexico.com\/revista\/alcaldes-de-mexico\/bienestar-emocional\/\" style=\"color: #242021;\">El Marqu\u00e9s, Quer\u00e9taro<\/a><\/strong><br \/><a href=\"https:\/\/www.alcaldesdemexico.com\/revista\/alcaldes-de-mexico\/bienestar-emocional\/\" style=\"color: #000000;\">Servicio especializado que inhibe problem\u00e1ticas sociales<\/a><br \/><a style=\"color: #7a7a7a;\"><em>Por Soffia Carolina Segura Caballero<\/em><\/a><\/p>\n<p><a href=\"https:\/\/www.alcaldesdemexico.com\/revista\/septiembre-2025\/2025-turismo-medico\/\" style=\"color: #808285;\">Inclusi\u00f3n Laboral<\/a><br \/><strong><a href=\"https:\/\/www.alcaldesdemexico.com\/revista\/alcaldes-de-mexico\/inclusion-laboral\/\" style=\"color: #242021;\">Salamanca, Guanajuato<\/a><\/strong><br \/><a href=\"https:\/\/www.alcaldesdemexico.com\/revista\/alcaldes-de-mexico\/inclusion-laboral\/\" style=\"color: #000000;\">Lazos comunitarios que revitalizan entornos<\/a><br \/><a style=\"color: #7a7a7a;\"><em>Por Enrique Antonio Mart\u00ednez Garc\u00eda<\/em><\/a><\/p>\n<p><a href=\"https:\/\/www.alcaldesdemexico.com\/revista\/sin-categoria\/municipio-inclusivo\/\" style=\"color: #808285;\">Municipio Inclusivo<\/a><br \/><strong><a href=\"https:\/\/www.alcaldesdemexico.com\/revista\/sin-categoria\/municipio-inclusivo\/\" style=\"color: #242021;\">Saltillo, Coahuila.<\/a><\/strong><br \/><a href=\"https:\/\/www.alcaldesdemexico.com\/revista\/sin-categoria\/municipio-inclusivo\/\" style=\"color: #000000;\">Acceso y oportunidades para todos<\/a><br \/><a style=\"color: #7a7a7a;\"><em>Por Jos\u00e9 Manuel Arteaga<\/em><\/a><\/p>\n<p><a href=\"https:\/\/www.alcaldesdemexico.com\/revista\/alcaldes-de-mexico\/impuso-social\/\" style=\"color: #808285;\">Impulso Social<\/a><br \/><strong><a href=\"https:\/\/www.alcaldesdemexico.com\/revista\/alcaldes-de-mexico\/impuso-social\/\" style=\"color: #242021;\">Corregidora, Quer\u00e9taro<\/a><\/strong><br \/><a href=\"https:\/\/www.alcaldesdemexico.com\/revista\/alcaldes-de-mexico\/impuso-social\/\" style=\"color: #000000;\">Centros comunitarios de beneficio m\u00faltiple<\/a><br \/><a style=\"color: #7a7a7a;\"><em>Por M\u00f3nica Samantha M\u00e9ndez H.<\/em><\/a><\/p>\n<p><strong><a href=\"https:\/\/www.alcaldesdemexico.com\/revista\/alcaldes-de-mexico\/microeconomia\/\" style=\"color: #ed6944;\">IMPULSO ECON\u00d3MICO Y BUEN GOBIERNO<\/a><\/strong><\/p>\n<p><a href=\"https:\/\/www.alcaldesdemexico.com\/revista\/alcaldes-de-mexico\/microeconomia\/\" style=\"color: #808285;\">Microeconom\u00eda<\/a><br \/><strong><a href=\"https:\/\/www.alcaldesdemexico.com\/revista\/alcaldes-de-mexico\/microeconomia\/\" style=\"color: #242021;\">Zihuatanejo de Azueta, Guerrero<\/a><\/strong><br \/><a href=\"https:\/\/www.alcaldesdemexico.com\/revista\/alcaldes-de-mexico\/microeconomia\/\" style=\"color: #000000;\">Emprendimiento inclusivo, diverso y resiliente<\/a><br \/><a style=\"color: #7a7a7a;\"><em>Por Lilia Chac\u00f3n A.<\/em><\/a><\/p>\n<p><a href=\"https:\/\/www.alcaldesdemexico.com\/revista\/alcaldes-de-mexico\/gestion-financiera-responsable\/\" style=\"color: #808285;\">Gesti\u00f3n Financiera Responsable<\/a><br \/><strong><a href=\"https:\/\/www.alcaldesdemexico.com\/revista\/alcaldes-de-mexico\/gestion-financiera-responsable\/\" style=\"color: #242021;\">Hermosillo, Sonora<\/a><\/strong><br \/><a href=\"hhttps:\/\/www.alcaldesdemexico.com\/revista\/alcaldes-de-mexico\/gestion-financiera-responsable\/\" style=\"color: #000000;\">Fortaleza en ingresos y control de gasto<\/a><br \/><a style=\"color: #7a7a7a;\"><em>Por Jos\u00e9 Manuel Arteaga<\/em><\/a><\/p>\n<p><a href=\"https:\/\/www.alcaldesdemexico.com\/revista\/alcaldes-de-mexico\/turismo-comunitario\/\" style=\"color: #808285;\">Turismo Comunitario<\/a><br \/><strong><a href=\"hhttps:\/\/www.alcaldesdemexico.com\/revista\/alcaldes-de-mexico\/turismo-comunitario\/\" style=\"color: #242021;\">Nicol\u00e1s Romero, Estado de M\u00e9xico<\/a><\/strong><br \/><a href=\"https:\/\/www.alcaldesdemexico.com\/revista\/alcaldes-de-mexico\/turismo-comunitario\/\" style=\"color: #000000;\">Atracci\u00f3n tur\u00edstica con identidad propia<\/a><br \/><a style=\"color: #7a7a7a;\"><em>Por Marisol Garc\u00eda Fuentes<\/em><\/a><\/p>\n<p><a href=\"https:\/\/www.alcaldesdemexico.com\/revista\/alcaldes-de-mexico\/turismo-competitivo\/\" style=\"color: #808285;\">Turismo Competitivo<\/a><br \/><strong><a href=\"https:\/\/www.alcaldesdemexico.com\/revista\/alcaldes-de-mexico\/turismo-competitivo\/\" style=\"color: #242021;\">San Miguel de Allende, Guanajuato<\/a><\/strong><br \/><a href=\"https:\/\/www.alcaldesdemexico.com\/revista\/alcaldes-de-mexico\/turismo-competitivo\/\" style=\"color: #000000;\">Vino, el impulsor que transform\u00f3 un destino<\/a><br \/><a style=\"color: #7a7a7a;\"><em>Por Martha Mej\u00eda<\/em><\/a><\/p>\n<p><a href=\"https:\/\/www.alcaldesdemexico.com\/revista\/alcaldes-de-mexico\/mejora-administrativa\/\" style=\"color: #808285;\">Mejora Administrativa<\/a><br \/><strong><a href=\"hhttps:\/\/www.alcaldesdemexico.com\/revista\/alcaldes-de-mexico\/mejora-administrativa\/\" style=\"color: #242021;\">San Luis Potos\u00ed, San Luis Potos\u00ed<\/a><\/strong><br \/><a href=\"https:\/\/www.alcaldesdemexico.com\/revista\/alcaldes-de-mexico\/mejora-administrativa\/\" style=\"color: #000000;\">Tr\u00e1mites m\u00e1s \u00e1giles, un incentivo a la econom\u00eda<\/a><br \/><a style=\"color: #7a7a7a;\"><em>Por Alejandro Dur\u00e1n <\/em><\/a><\/p>\n<p><a href=\"https:\/\/www.alcaldesdemexico.com\/revista\/alcaldes-de-mexico\/reingenieria-financiera\/\" style=\"color: #808285;\">Reingenier\u00eda Financiera<\/a><br \/><strong><a href=\"https:\/\/www.alcaldesdemexico.com\/revista\/alcaldes-de-mexico\/reingenieria-financiera\/\" style=\"color: #242021;\">Naucalpan de Ju\u00e1rez, Estado de M\u00e9xico<\/a><\/strong><br \/><a href=\"https:\/\/www.alcaldesdemexico.com\/revista\/alcaldes-de-mexico\/reingenieria-financiera\/\" style=\"color: #000000;\">Rescate de las finanzas para detonar inversi\u00f3n<\/a><br \/><a style=\"color: #7a7a7a;\"><em>PorLilia Chac\u00f3n A.<\/em><\/a><\/p>\n<p><a href=\"https:\/\/www.alcaldesdemexico.com\/revista\/alcaldes-de-mexico\/trasparencia-proactiva\/\" style=\"color: #808285;\">Transparencia Proactiva<\/a><br \/><strong><a href=\"https:\/\/www.alcaldesdemexico.com\/revista\/alcaldes-de-mexico\/trasparencia-proactiva\/\" style=\"color: #242021;\">Puebla, Puebla<\/a><\/strong><br \/><a href=\"https:\/\/www.alcaldesdemexico.com\/revista\/alcaldes-de-mexico\/trasparencia-proactiva\/\" style=\"color: #000000;\">Liderazgo municipal contra la opacidad<\/a><br \/><a style=\"color: #7a7a7a;\"><em>Por David S\u00e1nchez<\/em><\/a><\/p>\n<p>[\/et_pb_text][\/et_pb_column][et_pb_column type=\"1_3\" _builder_version=\"4.16\" global_colors_info=\"{}\"][et_pb_text _builder_version=\"4.27.4\" text_font=\"Arial||||||||\" text_font_size=\"18px\" module_alignment=\"left\" custom_padding=\"|||16px||\" custom_padding_tablet=\"\" custom_padding_phone=\"|||0px|false|false\" custom_padding_last_edited=\"on|phone\" hover_enabled=\"0\" text_font_size_tablet=\"\" text_font_size_phone=\"\" text_font_size_last_edited=\"on|desktop\" locked=\"off\" global_colors_info=\"{}\" sticky_enabled=\"0\"]<\/p>\n<p><strong><a href=\"https:\/\/www.alcaldesdemexico.com\/revista\/alcaldes-de-mexico\/limpieza-colaborativa\/\" style=\"color: #ed6944;\">CIUDADES LIMPIAS Y ORDENADAS<\/a><\/strong><\/p>\n<p><a href=\"https:\/\/www.alcaldesdemexico.com\/revista\/alcaldes-de-mexico\/limpieza-colaborativa\/\" style=\"color: #808285;\">Limpieza Colaborativa<\/a><br \/><strong><a href=\"https:\/\/www.alcaldesdemexico.com\/revista\/alcaldes-de-mexico\/limpieza-colaborativa\/\" style=\"color: #242021;\">Ecatepec de Morelos, Estado de M\u00e9xico<\/a><\/strong><br \/><a href=\"https:\/\/www.alcaldesdemexico.com\/revista\/alcaldes-de-mexico\/limpieza-colaborativa\/\" style=\"color: #000000;\">Ambiente de organizaci\u00f3n, fuerza y esperanza<\/a><br \/><a style=\"color: #7a7a7a;\"><em>Por \u00c1ngel P\u00e9rez S\u00e1nchez<\/em><\/a><\/p>\n<p><a href=\"https:\/\/www.alcaldesdemexico.com\/revista\/alcaldes-de-mexico\/imagen-urbana\/\" style=\"color: #808285;\">Imagen Urbana<\/a><br \/><strong><a href=\"https:\/\/www.alcaldesdemexico.com\/revista\/alcaldes-de-mexico\/imagen-urbana\/\" style=\"color: #242021;\">Monclova, Coahuila<\/a><\/strong><br \/><a href=\"https:\/\/www.alcaldesdemexico.com\/revista\/alcaldes-de-mexico\/imagen-urbana\/\" style=\"color: #000000;\">Una ciudad m\u00e1s iluminada y segura<\/a><br \/><a style=\"color: #7a7a7a;\"><em>Por Diana Pinedo Ortega<\/em><\/a><\/p>\n<p><a href=\"https:\/\/www.alcaldesdemexico.com\/revista\/alcaldes-de-mexico\/ciudad-limpia\/\" style=\"color: #808285;\">Ciudad Limpia<\/a><br \/><strong><a href=\"https:\/\/www.alcaldesdemexico.com\/revista\/alcaldes-de-mexico\/ciudad-limpia\/\" style=\"color: #242021;\">Guadalajara, Jalisco<\/a><\/strong><br \/><a href=\"https:\/\/www.alcaldesdemexico.com\/revista\/alcaldes-de-mexico\/ciudad-limpia\/\" style=\"color: #000000;\">Corresponsabilidad en la gesti\u00f3n de residuos<\/a><br \/><a style=\"color: #7a7a7a;\"><em>Por Soffia Carolina Segura Caballero<\/em><\/a><\/p>\n<p><a href=\"https:\/\/www.alcaldesdemexico.com\/revista\/alcaldes-de-mexico\/urbanismo-inteligente\/\" style=\"color: #808285;\">Urbanismo Inteligente<\/a><br \/><strong><a href=\"https:\/\/www.alcaldesdemexico.com\/revista\/alcaldes-de-mexico\/urbanismo-inteligente\/\" style=\"color: #242021;\">Santa Catarina, Nuevo Le\u00f3n.<\/a><\/strong><br \/><a href=\"https:\/\/www.alcaldesdemexico.com\/revista\/alcaldes-de-mexico\/urbanismo-inteligente\/\" style=\"color: #000000;\">Tecnolog\u00eda infrarroja que renueva las vialidades<\/a><br \/><a style=\"color: #7a7a7a;\"><em>Por Reyna Rico Ferrer<\/em><\/a><\/p>\n<p><a href=\"https:\/\/www.alcaldesdemexico.com\/revista\/alcaldes-de-mexico\/urbanismo-inteligente\/\" style=\"color: #808285;\">Apoyo a Adultos Mayores<\/a><br \/><strong><a href=\"https:\/\/www.alcaldesdemexico.com\/revista\/alcaldes-de-mexico\/urbanismo-inteligente\/\" style=\"color: #242021;\">San Nicol\u00e1s de los Garza, N.L.<\/a><\/strong><br \/><a href=\"https:\/\/www.alcaldesdemexico.com\/revista\/alcaldes-de-mexico\/urbanismo-inteligente\/\" style=\"color: #000000;\">Tratamiento hol\u00edstico en la vejez<\/a><br \/><a style=\"color: #7a7a7a;\"><em>Soffia Carolina Segura Caballero<\/em><\/a><\/p>\n<p><a href=\"https:\/\/www.alcaldesdemexico.com\/revista\/alcaldes-de-mexico\/gestion-urbana-sostenible\/\" style=\"color: #808285;\">Gesti\u00f3n Urbana Sostenible<\/a><br \/><strong><a href=\"https:\/\/www.alcaldesdemexico.com\/revista\/alcaldes-de-mexico\/gestion-urbana-sostenible\/\" style=\"color: #242021;\">Guanajuato, Guanajuato<\/a><\/strong><br \/><a href=\"https:\/\/www.alcaldesdemexico.com\/revista\/alcaldes-de-mexico\/gestion-urbana-sostenible\/\" style=\"color: #000000;\">Preservaci\u00f3n sostenible del patrimonio mundial<\/a><br \/><a style=\"color: #7a7a7a;\"><em>Por \u00c9rika Uribe<\/em><\/a><\/p>\n<p><a href=\"https:\/\/www.alcaldesdemexico.com\/revista\/alcaldes-de-mexico\/recuperacion-de-areas-verdes\/\" style=\"color: #808285;\">Recuperaci\u00f3n de \u00c1reas Verdes<\/a><br \/><strong><a href=\"https:\/\/www.alcaldesdemexico.com\/revista\/alcaldes-de-mexico\/recuperacion-de-areas-verdes\/\" style=\"color: #242021;\">Gustavo A. Madero, Ciudad de M\u00e9xico<\/a><\/strong><br \/><a href=\"https:\/\/www.alcaldesdemexico.com\/revista\/alcaldes-de-mexico\/recuperacion-de-areas-verdes\/\" style=\"color: #000000;\">Espacios p\u00fablicos aptos para toda la familia<\/a><br \/><a style=\"color: #7a7a7a;\"><em>Por \u00c9rika Uribe<\/em><\/a><\/p>\n<p><strong><a href=\"https:\/\/www.alcaldesdemexico.com\/revista\/alcaldes-de-mexico\/inteligencia-hidrica\/\" style=\"color: #ed6944;\">INNOVACI\u00d3N Y CONSTRUCCI\u00d3N DE PAZ<\/a><\/strong><\/p>\n<p><a href=\"https:\/\/www.alcaldesdemexico.com\/revista\/alcaldes-de-mexico\/inteligencia-hidrica\/\" style=\"color: #808285;\">Inteligencia H\u00eddrica<\/a><br \/><strong><a href=\"https:\/\/www.alcaldesdemexico.com\/revista\/alcaldes-de-mexico\/inteligencia-hidrica\/\" style=\"color: #242021;\">La Paz, Baja California Sur<\/a><\/strong><br \/><a href=\"https:\/\/www.alcaldesdemexico.com\/revista\/alcaldes-de-mexico\/inteligencia-hidrica\/\" style=\"color: #000000;\">Supervisi\u00f3n del abasto h\u00eddrico en tiempo real<\/a><br \/><a style=\"color: #7a7a7a;\"><em>Por Diana Pinedo Ortega <\/em><\/a><\/p>\n<p><a href=\"https:\/\/www.alcaldesdemexico.com\/revista\/alcaldes-de-mexico\/seguridad-publica-2\/\" style=\"color: #808285;\">Seguridad P\u00fablica<\/a><br \/><strong><a href=\"https:\/\/www.alcaldesdemexico.com\/revista\/alcaldes-de-mexico\/seguridad-publica-2\/\" style=\"color: #242021;\">Morelia, Michoac\u00e1n<\/a><\/strong><br \/><a href=\"https:\/\/www.alcaldesdemexico.com\/revista\/alcaldes-de-mexico\/seguridad-publica-2\/\" style=\"color: #000000;\">Ejemplo de vigilancia con participaci\u00f3n ciudadana<\/a><br \/><a style=\"color: #7a7a7a;\"><em>Por Sacnict\u00e9 Montserrat Caballero V\u00e1zquez<\/em><\/a><\/p>\n<p><a href=\"https:\/\/www.alcaldesdemexico.com\/revista\/sin-categoria\/atencion-ciudadana-3\/\" style=\"color: #808285;\">Atenci\u00f3n Ciudadana<\/a><br \/><strong><a href=\"https:\/\/www.alcaldesdemexico.com\/revista\/sin-categoria\/atencion-ciudadana-3\/\" style=\"color: #242021;\">Huixquilucan, Estado de M\u00e9xico<\/a><\/strong><br \/><a href=\"https:\/\/www.alcaldesdemexico.com\/revista\/sin-categoria\/atencion-ciudadana-3\/\" style=\"color: #000000;\">Vecinos y gobierno coordinados para una atenci\u00f3n inmediata<\/a><br \/><a style=\"color: #7a7a7a;\"><em>Por Enrique Antonio Mart\u00ednez Garc\u00eda<\/em><\/a><\/p>\n<p><a href=\"https:\/\/www.alcaldesdemexico.com\/revista\/alcaldes-de-mexico\/transformacion-digital-2\/\" style=\"color: #808285;\">Transformaci\u00f3n Digital<\/a><br \/><strong><a href=\"https:\/\/www.alcaldesdemexico.com\/revista\/alcaldes-de-mexico\/transformacion-digital-2\/\" style=\"color: #242021;\">Chihuahua, Chihuahua<\/a><\/strong><br \/><a href=\"https:\/\/www.alcaldesdemexico.com\/revista\/alcaldes-de-mexico\/transformacion-digital-2\/\" style=\"color: #000000;\">Plataforma completa, certera y transparente<\/a><br \/><a style=\"color: #7a7a7a;\"><em>Por Diana Pinedo Ortega<\/em><\/a><\/p>\n<p><a href=\"https:\/\/www.alcaldesdemexico.com\/revista\/alcaldes-de-mexico\/innovacion-administrativa\/\" style=\"color: #808285;\">Innovaci\u00f3n Administrativa<\/a><br \/><strong><a href=\"https:\/\/www.alcaldesdemexico.com\/revista\/alcaldes-de-mexico\/innovacion-administrativa\/\" style=\"color: #242021;\">El Salto, Jalisco<\/a><\/strong><br \/><a href=\"https:\/\/www.alcaldesdemexico.com\/revista\/alcaldes-de-mexico\/innovacion-administrativa\/\" style=\"color: #000000;\">Modernizaci\u00f3n operativa para acelerar procesos<\/a><br \/><a style=\"color: #7a7a7a;\"><em>Por Enrique Antonio Mart\u00ednez Garc\u00eda<\/em><\/a><\/p>\n<p><a href=\"https:\/\/www.alcaldesdemexico.com\/revista\/alcaldes-de-mexico\/gobierno-de-datos\/\" style=\"color: #808285;\">Gobierno de Datos<\/a><br \/><strong><a href=\"https:\/\/www.alcaldesdemexico.com\/revista\/alcaldes-de-mexico\/gobierno-de-datos\/\" style=\"color: #242021;\">Toluca, Estado de M\u00e9xico<\/a><\/strong><br \/><a href=\"https:\/\/www.alcaldesdemexico.com\/revista\/alcaldes-de-mexico\/gobierno-de-datos\/\" style=\"color: #000000;\">Modelo innovador que transforma la gesti\u00f3n local<\/a><br \/><a style=\"color: #7a7a7a;\"><em>Por \u00c1ngel P\u00e9rez S\u00e1nchez<\/em><\/a><\/p>\n<p><strong><a href=\"https:\/\/www.alcaldesdemexico.com\/revista\/alcaldes-de-mexico\/capacitacion-para-el-trabajo\/\" style=\"color: #ed6944;\">INVERSI\u00d3N SOCIAL Y\u00a0 PRODUCTIVA<\/a><\/strong><\/p>\n<p><a href=\"https:\/\/www.alcaldesdemexico.com\/revista\/alcaldes-de-mexico\/capacitacion-para-el-trabajo\/\" style=\"color: #808285;\">Capacitaci\u00f3n para el Trabajo<\/a><br \/><strong><a href=\"https:\/\/www.alcaldesdemexico.com\/revista\/alcaldes-de-mexico\/capacitacion-para-el-trabajo\/\" style=\"color: #242021;\">Centro, Tabasco<\/a><\/strong><br \/><a href=\"https:\/\/www.alcaldesdemexico.com\/revista\/alcaldes-de-mexico\/capacitacion-para-el-trabajo\/\" style=\"color: #000000;\">Fortalecimiento de habilidades para el empleo<br \/><\/a><a style=\"color: #7a7a7a;\"><em>Por \u00c1ngel P\u00e9rez S\u00e1nchez<\/em><\/a><\/p>\n<p><a href=\"https:\/\/www.alcaldesdemexico.com\/revista\/alcaldes-de-mexico\/movilidad-urbana\/\" style=\"color: #808285;\">Movilidad Urbana<\/a><br \/><strong><a href=\"https:\/\/www.alcaldesdemexico.com\/revista\/alcaldes-de-mexico\/movilidad-urbana\/\" style=\"color: #242021;\">Quer\u00e9taro, Quer\u00e9taro<\/a><\/strong><br \/><a href=\"https:\/\/www.alcaldesdemexico.com\/revista\/alcaldes-de-mexico\/movilidad-urbana\/\" style=\"color: #000000;\">raslados dignos que reducen desigualdades<\/a><br \/><a style=\"color: #7a7a7a;\"><em>Por M\u00f3nica Samantha M\u00e9ndez H.<\/em><\/a><\/p>\n<p><a href=\"https:\/\/www.alcaldesdemexico.com\/revista\/alcaldes-de-mexico\/infraestructura-de-salud\/\" style=\"color: #808285;\">Infraestructura de Salud<\/a><br \/><strong><a href=\"https:\/\/www.alcaldesdemexico.com\/revista\/alcaldes-de-mexico\/infraestructura-de-salud\/\" style=\"color: #242021;\">Iztapalapa, Ciudad de M\u00e9xico<\/a><\/strong><br \/><a href=\"https:\/\/www.alcaldesdemexico.com\/revista\/alcaldes-de-mexico\/infraestructura-de-salud\/\" style=\"color: #000000;\">Atenci\u00f3n m\u00e9dica gratuita m\u00e1s cerca de la poblaci\u00f3n<br \/><\/a><a style=\"color: #7a7a7a;\"><em>Por Martha Mej\u00eda<\/em><\/a><\/p>\n<p><a href=\"https:\/\/www.alcaldesdemexico.com\/revista\/alcaldes-de-mexico\/inversion-participativa\/\" style=\"color: #808285;\">Inversi\u00f3n Participativa<\/a><br \/><strong><a href=\"https:\/\/www.alcaldesdemexico.com\/revista\/alcaldes-de-mexico\/inversion-participativa\/\" style=\"color: #242021;\">Miguel Hidalgo, Ciudad de M\u00e9xico<\/a><\/strong><br \/><a href=\"https:\/\/www.alcaldesdemexico.com\/revista\/alcaldes-de-mexico\/inversion-participativa\/\" style=\"color: #000000;\">Peso a Peso, decisiones vecinales que proliferan<br \/><\/a><a style=\"color: #7a7a7a;\"><em>Por \u00c9rika Uribe<\/em><\/a><\/p>\n<p><a href=\"https:\/\/www.alcaldesdemexico.com\/revista\/alcaldes-de-mexico\/construcciones-colectivas\/\" style=\"color: #808285;\">Construcciones Colectivas<\/a><br \/><strong><a href=\"https:\/\/www.alcaldesdemexico.com\/revista\/alcaldes-de-mexico\/construcciones-colectivas\/\" style=\"color: #242021;\">Oaxaca de Ju\u00e1rez, Oaxaca<\/a><\/strong><br \/><a href=\"https:\/\/www.alcaldesdemexico.com\/revista\/alcaldes-de-mexico\/construcciones-colectivas\/\" style=\"color: #000000;\">Comunidades protagonistas de la obra p\u00fablica<\/a><br \/><a style=\"color: #7a7a7a;\"><em>Por Sacnict\u00e9 Montserrat Caballero V\u00e1zquez<\/em><\/a><\/p>\n<p><a href=\"https:\/\/www.alcaldesdemexico.com\/revista\/alcaldes-de-mexico\/impulso-a-la-movilidad\/\" style=\"color: #808285;\">Impulso a la Movilidad<\/a><br \/><strong><a href=\"https:\/\/www.alcaldesdemexico.com\/revista\/alcaldes-de-mexico\/impulso-a-la-movilidad\/\" style=\"color: #242021;\">Monterrey, Nuevo Le\u00f3n<\/a><\/strong><br \/><a href=\"https:\/\/www.alcaldesdemexico.com\/revista\/alcaldes-de-mexico\/impulso-a-la-movilidad\/\" style=\"color: #000000;\">Iniciativa que reivindica el derecho a desplazarse<\/a><br \/><a style=\"color: #7a7a7a;\"><em>Por Reyna Rico Ferrer<\/em><\/a><\/p>\n<p>[\/et_pb_text][\/et_pb_column][\/et_pb_row][et_pb_row _builder_version=\"4.16\" global_colors_info=\"{}\"][et_pb_column type=\"4_4\" _builder_version=\"4.16\" global_colors_info=\"{}\"][\/et_pb_column][\/et_pb_row][et_pb_row _builder_version=\"4.16\" global_colors_info=\"{}\"][et_pb_column type=\"4_4\" _builder_version=\"4.16\" global_colors_info=\"{}\"][\/et_pb_column][\/et_pb_row][\/et_pb_section]<\/p>\n","protected":false},"excerpt":{"rendered":"<p>ContenidoN\u00daMERO 197, SEPTIEMBRE 2026 &nbsp; Presidenta EjecutivaGladis L\u00f3pez Blancoglopez@alcaldesdemexico.com Presidenta EjecutivaNorma Perez Vencesnperez@alcaldesdemexico.com Directora EditorialAna Paula Hern\u00e1ndez Aldayahernandez@alcaldesdemexico.com \u00a0Editor en JefeIsa\u00edas Ocampo Gaona \u00a0CoeditoraMartha Palma Montes \u00a0Coordinadora de ArteEr\u00e9ndira C. Castillo Ceballos \u00a0Coordinadora de Fotograf\u00edaRosal\u00eda Morales Flores \u00a0Editora WebLucero Almanza Escalante \u00a0WebmasterArmando Arellano Garc\u00eda \u00a0Alejandro Dur\u00e1n, Alicia Valverde Reyes, Ana Paula Hern\u00e1ndez Alday, \u00c1ngel P\u00e9rez [&hellip;]<\/p>\n","protected":false},"author":3,"featured_media":49482,"parent":0,"menu_order":0,"comment_status":"closed","ping_status":"closed","template":"","meta":{"_et_pb_use_builder":"on","_et_pb_old_content":"","_et_gb_content_width":"","footnotes":""},"class_list":["post-49481","page","type-page","status-publish","has-post-thumbnail","hentry"],"aioseo_notices":[],"_links":{"self":[{"href":"https:\/\/www.alcaldesdemexico.com\/revista\/wp-json\/wp\/v2\/pages\/49481","targetHints":{"allow":["GET"]}}],"collection":[{"href":"https:\/\/www.alcaldesdemexico.com\/revista\/wp-json\/wp\/v2\/pages"}],"about":[{"href":"https:\/\/www.alcaldesdemexico.com\/revista\/wp-json\/wp\/v2\/types\/page"}],"author":[{"embeddable":true,"href":"https:\/\/www.alcaldesdemexico.com\/revista\/wp-json\/wp\/v2\/users\/3"}],"replies":[{"embeddable":true,"href":"https:\/\/www.alcaldesdemexico.com\/revista\/wp-json\/wp\/v2\/comments?post=49481"}],"version-history":[{"count":11,"href":"https:\/\/www.alcaldesdemexico.com\/revista\/wp-json\/wp\/v2\/pages\/49481\/revisions"}],"predecessor-version":[{"id":49536,"href":"https:\/\/www.alcaldesdemexico.com\/revista\/wp-json\/wp\/v2\/pages\/49481\/revisions\/49536"}],"wp:featuredmedia":[{"embeddable":true,"href":"https:\/\/www.alcaldesdemexico.com\/revista\/wp-json\/wp\/v2\/media\/49482"}],"wp:attachment":[{"href":"https:\/\/www.alcaldesdemexico.com\/revista\/wp-json\/wp\/v2\/media?parent=49481"}],"curies":[{"name":"wp","href":"https:\/\/api.w.org\/{rel}","templated":true}]}}